{"id":3074,"date":"2024-12-19T07:50:53","date_gmt":"2024-12-19T06:50:53","guid":{"rendered":"https:\/\/brokers88.es\/es\/aviso-legal-copy\/"},"modified":"2026-05-27T19:28:24","modified_gmt":"2026-05-27T17:28:24","slug":"politica-de-proteccion-de-datos-y-privacidad","status":"publish","type":"page","link":"https:\/\/brokers88.es\/es\/politica-de-proteccion-de-datos-y-privacidad\/","title":{"rendered":"Pol\u00edtica de Protecci\u00f3n de Datos y Privacidad"},"content":{"rendered":"\t\t<div data-elementor-type=\"wp-page\" data-elementor-id=\"3074\" class=\"elementor elementor-3074\" data-elementor-post-type=\"page\">\n\t\t\t\t\t\t<section class=\"elementor-section elementor-top-section elementor-element elementor-element-1cec57c6 elementor-section-content-middle elementor-section-full_width elementor-section-stretched elementor-section-height-default elementor-section-height-default\" data-id=\"1cec57c6\" data-element_type=\"section\" data-e-type=\"section\" data-settings=\"{&quot;background_background&quot;:&quot;classic&quot;,&quot;stretch_section&quot;:&quot;section-stretched&quot;,&quot;shape_divider_bottom&quot;:&quot;curve&quot;}\">\n\t\t\t\t\t<div class=\"elementor-shape elementor-shape-bottom\" aria-hidden=\"true\" data-negative=\"false\">\n\t\t\t<svg xmlns=\"http:\/\/www.w3.org\/2000\/svg\" viewBox=\"0 0 1000 100\" preserveAspectRatio=\"none\">\n    <path class=\"elementor-shape-fill\" d=\"M1000,4.3V0H0v4.3C0.9,23.1,126.7,99.2,500,100S1000,22.7,1000,4.3z\"\/>\n<\/svg>\t\t<\/div>\n\t\t\t\t\t<div class=\"elementor-container elementor-column-gap-no\">\n\t\t\t\t\t<div class=\"elementor-column elementor-col-100 elementor-top-column elementor-element elementor-element-74a94b40\" data-id=\"74a94b40\" data-element_type=\"column\" data-e-type=\"column\">\n\t\t\t<div class=\"elementor-widget-wrap elementor-element-populated\">\n\t\t\t\t\t\t<section class=\"elementor-section elementor-inner-section elementor-element elementor-element-39669e53 elementor-section-boxed elementor-section-height-default elementor-section-height-default\" data-id=\"39669e53\" data-element_type=\"section\" data-e-type=\"section\">\n\t\t\t\t\t\t<div class=\"elementor-container elementor-column-gap-default\">\n\t\t\t\t\t<div class=\"elementor-column elementor-col-100 elementor-inner-column elementor-element elementor-element-42611c1a\" data-id=\"42611c1a\" data-element_type=\"column\" data-e-type=\"column\">\n\t\t\t<div class=\"elementor-widget-wrap elementor-element-populated\">\n\t\t\t\t\t\t<div class=\"elementor-element elementor-element-3a020c0 elementor-position-inline-start elementor-view-default elementor-mobile-position-block-start elementor-widget elementor-widget-icon-box\" data-id=\"3a020c0\" data-element_type=\"widget\" data-e-type=\"widget\" data-widget_type=\"icon-box.default\">\n\t\t\t\t<div class=\"elementor-widget-container\">\n\t\t\t\t\t\t\t<div class=\"elementor-icon-box-wrapper\">\n\n\t\t\t\t\t\t<div class=\"elementor-icon-box-icon\">\n\t\t\t\t<span  class=\"elementor-icon elementor-animation-grow\">\n\t\t\t\t<svg aria-hidden=\"true\" class=\"e-font-icon-svg e-fas-mail-bulk\" viewBox=\"0 0 576 512\" xmlns=\"http:\/\/www.w3.org\/2000\/svg\"><path d=\"M160 448c-25.6 0-51.2-22.4-64-32-64-44.8-83.2-60.8-96-70.4V480c0 17.67 14.33 32 32 32h256c17.67 0 32-14.33 32-32V345.6c-12.8 9.6-32 25.6-96 70.4-12.8 9.6-38.4 32-64 32zm128-192H32c-17.67 0-32 14.33-32 32v16c25.6 19.2 22.4 19.2 115.2 86.4 9.6 6.4 28.8 25.6 44.8 25.6s35.2-19.2 44.8-22.4c92.8-67.2 89.6-67.2 115.2-86.4V288c0-17.67-14.33-32-32-32zm256-96H224c-17.67 0-32 14.33-32 32v32h96c33.21 0 60.59 25.42 63.71 57.82l.29-.22V416h192c17.67 0 32-14.33 32-32V192c0-17.67-14.33-32-32-32zm-32 128h-64v-64h64v64zm-352-96c0-35.29 28.71-64 64-64h224V32c0-17.67-14.33-32-32-32H96C78.33 0 64 14.33 64 32v192h96v-32z\"><\/path><\/svg>\t\t\t\t<\/span>\n\t\t\t<\/div>\n\t\t\t\n\t\t\t\t\t\t<div class=\"elementor-icon-box-content\">\n\n\t\t\t\t\t\t\t\t\t<h3 class=\"elementor-icon-box-title\">\n\t\t\t\t\t\t<span  >\n\t\t\t\t\t\t\tPol\u00edtica de Protecci\u00f3n de Datos y Privacidad\t\t\t\t\t\t<\/span>\n\t\t\t\t\t<\/h3>\n\t\t\t\t\n\t\t\t\t\n\t\t\t<\/div>\n\t\t\t\n\t\t<\/div>\n\t\t\t\t\t\t<\/div>\n\t\t\t\t<\/div>\n\t\t\t\t<div class=\"elementor-element elementor-element-7077338 elementor-widget elementor-widget-text-editor\" data-id=\"7077338\" data-element_type=\"widget\" data-e-type=\"widget\" data-widget_type=\"text-editor.default\">\n\t\t\t\t<div class=\"elementor-widget-container\">\n\t\t\t\t\t\t\t\t\t<p style=\"font-family: 'Titillium Web', sans-serif; font-weight: 400; font-size: 16px; text-align: justify;\">En cumplimiento de lo dispuesto en el art\u00edculo 13 del Reglamento (UE) 2016\/679 del Parlamento Europeo y del Consejo, de 27 de abril de 2016, relativo a la protecci\u00f3n de las personas f\u00edsicas en lo que respecta al tratamiento de datos personales y a la libre circulaci\u00f3n de estos datos (en adelante, RGPD) y el art\u00edculo 11 de la Ley Org\u00e1nica 3\/2018, de 5 de diciembre de 2018, de protecci\u00f3n de datos personales y garant\u00eda de los derechos digitales, le informamos de lo siguiente:<\/p>\n<p><span style=\"font-weight: 400;\">El Usuario deber\u00e1 realizar una lectura detenida de la presente Pol\u00edtica de Privacidad, redactada con un lenguaje claro y accesible para facilitar su comprensi\u00f3n, con el objetivo de permitir que el Usuario determine de manera libre, informada y voluntaria si desea proporcionar sus datos personales o los de terceros a <\/span><b>BROKER&#8217;S 88 CORREDURIA DE SEGUROS, S.A.<\/b><span style=\"font-weight: 400;\"> (en adelante la Entidad)<\/span><\/p>\n<p style=\"font-family: 'Titillium Web bold', sans-serif; font-weight: 600; font-size: 20px; line-height: 1.7; text-align: left; color: #000000;\">Informaci\u00f3n del Responsable del Tratamiento:<\/p>\n<ul>\n<li style=\"font-weight: 400;\" aria-level=\"1\"><b>DENOMINACI\u00d3N SOCIAL: <\/b><span style=\"font-weight: 400;\">BROKER&#8217;S 88 CORREDURIA DE SEGUROS, S.A.<\/span><\/li>\n<li style=\"font-weight: 400;\" aria-level=\"1\"><b>NIF: <\/b><span style=\"font-weight: 400;\">A58453705<\/span><\/li>\n<li style=\"font-weight: 400;\" aria-level=\"1\"><b>DIRECCI\u00d3N SOCIAL: <\/b><span style=\"font-weight: 400;\">PLAZA MARIANO DE CAVIA, 1 &#8211; 1 C ESC IZQUIERA, CP 28007, MADRID (MADRID).<\/span><\/li>\n<li style=\"font-weight: 400;\" aria-level=\"1\"><b>CORREO ELECTR\u00d3NICO DEL DELEGADO DE PROTECCI\u00d3N DE DATOS PERSONALES: (En adelante, DPD):&nbsp; <\/b><a href=\"mailto:david.castillo@brokers88.es\"><span style=\"font-weight: 400;\">david.castillo@brokers88.es<\/span><\/a><b>&nbsp;<\/b><\/li>\n<li style=\"font-weight: 400;\" aria-level=\"1\"><b>CANAL DE PROTECCI\u00d3N DE DATOS:<\/b> <a href=\"https:\/\/corporate-line.com\/cnormativo-brokers88\"><span style=\"font-weight: 400;\">https:\/\/corporate-line.com\/cnormativo-brokers88<\/span><\/a><span style=\"font-weight: 400;\">&nbsp;<br><br><\/span><\/li>\n<\/ul>\n<p style=\"font-family: 'Titillium Web bold', sans-serif; font-weight: 600; font-size: 20px; line-height: 1.7; text-align: left; color: #000000;\">Finalidad, legitimaci\u00f3n y conservaci\u00f3n de sus datos personales.<\/p>\n<p><span style=\"font-weight: 400;\">La Entidad tratar\u00e1 los datos personales que el Usuario nos proporcione con las siguientes finalidades y durante los plazos de conservaci\u00f3n que se indican a continuaci\u00f3n:<\/span><\/p>\n<ul>\n<li style=\"font-weight: 400;\" aria-level=\"1\"><span style=\"font-weight: 400;\">Gestionar la prestaci\u00f3n y ejecuci\u00f3n de los servicios y\/o productos contratados, as\u00ed como la elaboraci\u00f3n, seguimiento y gesti\u00f3n de contratos, ofertas y propuestas de servicios, incluyendo los datos de las personas cuya intervenci\u00f3n resulte necesaria para ello. La base legitimadora de este tratamiento se basa en la ejecuci\u00f3n de un contrato o la aplicaci\u00f3n de medidas precontractuales a petici\u00f3n del interesado. En este supuesto, conservaremos los datos personales durante el tiempo en que se mantenga la relaci\u00f3n contractual o precontractual y, una vez finalizada, durante los plazos legalmente exigibles para atender posibles responsabilidades derivadas de la misma.<\/span><\/li>\n<\/ul>\n<ul>\n<li style=\"font-weight: 400;\" aria-level=\"1\"><span style=\"font-weight: 400;\">Gestionar y atender las comunicaciones, cualquier tipo de solicitud, sugerencia, reclamaci\u00f3n o petici\u00f3n presentadas por los informantes\/usuarios a trav\u00e9s del Sistema Interno de Informaci\u00f3n, de conformidad con la Ley 2\/2023, de 20 de febrero, reguladora de la protecci\u00f3n de las personas que informen sobre infracciones normativas y de lucha contra la corrupci\u00f3n. Estas comunicaciones pueden conllevar la gesti\u00f3n y traslado, si procede, al departamento encargado para su debida atenci\u00f3n y cumplimiento del marco normativo aplicable. La base legitimadora de este tratamiento se basa en el cumplimiento de obligaciones legales que son de aplicaci\u00f3n a la Entidad. Los datos relativos a las informaciones recibidas y a las investigaciones internas se conservar\u00e1n durante el per\u00edodo necesario y proporcionado a efectos de cumplir con la Ley de Protecci\u00f3n del Informante, en ning\u00fan caso superando el per\u00edodo de diez a\u00f1os. Transcurridos tres meses desde su recepci\u00f3n se proceder\u00e1 a la supresi\u00f3n de las comunicaciones, salvo en caso de conservaci\u00f3n para acreditar y dejar evidencia de la existencia y funcionamiento del Sistema y\/o en base a otros requisitos de cumplimiento normativo a los que est\u00e9 asociada la informaci\u00f3n, quedando anonimizada la identidad del informante en un \u00e1rea independiente con las medidas de seguridad adecuadas.<\/span><\/li>\n<\/ul>\n<ul>\n<li style=\"font-weight: 400;\" aria-level=\"1\"><span style=\"font-weight: 400;\">Enviar comunicaciones informativas sobre productos o servicios similares a los ya contratados por el Cliente. La base legitimadora de este tratamiento es el inter\u00e9s leg\u00edtimo de la Entidad, en el marco de una relaci\u00f3n contractual previa y siempre que dichas comunicaciones se refieran a productos o servicios propios similares a los inicialmente contratados, garantizando en todo caso la posibilidad de oposici\u00f3n en cada env\u00edo. En el caso de comunicaciones electr\u00f3nicas, este tratamiento se ampara en lo dispuesto en el art\u00edculo 21.2 de la Ley 34\/2002, de servicios de la sociedad de la informaci\u00f3n y de comercio electr\u00f3nico (en adelante, LSSI). Los datos personales ser\u00e1n conservados mientras no se ejercite el derecho de oposici\u00f3n o no se solicite la baja en la recepci\u00f3n de dichas comunicaciones.<\/span><\/li>\n<\/ul>\n<ul style=\"list-style-type: disc;\">\n<li style=\"font-weight: 400;\" aria-level=\"1\"><span style=\"font-weight: 400;\">En el marco de la gesti\u00f3n de las relaciones laborales, la Entidad podr\u00e1 tratar datos personales de personas trabajadoras, candidatos o personal vinculado con las siguientes finalidades:<br><\/span><br><ul style=\"list-style-type: disc;\">\n<li style=\"font-weight: 400;\" aria-level=\"2\"><span style=\"font-weight: 400;\">Gestionar la relaci\u00f3n laboral, incluyendo la formalizaci\u00f3n, desarrollo y extinci\u00f3n del contrato de trabajo, as\u00ed como la gesti\u00f3n administrativa, contable y de n\u00f3minas.<br><\/span><\/li>\n<li style=\"font-weight: 400;\" aria-level=\"2\"><span style=\"font-weight: 400;\">Gestionar el control de la asistencia, el registro horario y el cumplimiento de la jornada laboral.<br><\/span><\/li>\n<li style=\"font-weight: 400;\" aria-level=\"2\"><span style=\"font-weight: 400;\">Organizar y gestionar acciones formativas obligatorias o necesarias para el desempe\u00f1o del puesto de trabajo.<br><\/span><\/li>\n<li style=\"font-weight: 400;\" aria-level=\"2\"><span style=\"font-weight: 400;\">Dar cumplimiento a las obligaciones en materia de prevenci\u00f3n de riesgos laborales, vigilancia de la salud y gesti\u00f3n de riesgos psicosociales.<br><\/span><\/li>\n<li style=\"font-weight: 400;\" aria-level=\"2\"><span style=\"font-weight: 400;\">Ejercer las facultades de control empresarial previstas en la normativa laboral, de conformidad con el art\u00edculo 20.3 del Estatuto de los Trabajadores.<br><\/span><\/li>\n<li style=\"font-weight: 400;\" aria-level=\"2\"><span style=\"font-weight: 400;\">Gestionar comunicaciones internas necesarias para el correcto desarrollo de la actividad laboral, incluyendo avisos operativos, alertas o acceso a herramientas y documentaci\u00f3n corporativa. Dichas comunicaciones podr\u00e1n realizarse a trav\u00e9s de medios de contacto personales facilitados por la persona interesada, cuando resulte necesario para el desarrollo de la relaci\u00f3n laboral, utiliz\u00e1ndose preferentemente los canales corporativos cuando estos est\u00e9n disponibles.<br><\/span><\/li>\n<li style=\"font-weight: 400;\" aria-level=\"2\"><span style=\"font-weight: 400;\">Verificar la ausencia de conflictos de inter\u00e9s o situaciones que puedan comprometer la integridad, seguridad o cumplimiento normativo de la Entidad.<br><\/span><\/li>\n<li style=\"font-weight: 400;\" aria-level=\"2\"><span style=\"font-weight: 400;\">Garantizar la aplicaci\u00f3n de pol\u00edticas de igualdad, no discriminaci\u00f3n, prevenci\u00f3n del acoso y protecci\u00f3n de colectivos vulnerables en el entorno laboral.<br><\/span><\/li>\n<li style=\"font-weight: 400;\" aria-level=\"2\"><span style=\"font-weight: 400;\">Tratar la imagen de las personas trabajadoras para fines corporativos o de difusi\u00f3n, cuando se haya obtenido previamente el consentimiento expreso.<br><br><\/span><\/li>\n<\/ul>\n<\/li>\n<\/ul>\n<p><span style=\"font-weight: 400;\">La base jur\u00eddica de estos tratamientos se fundamenta, en funci\u00f3n de la naturaleza concreta de cada tratamiento, en la ejecuci\u00f3n del contrato de trabajo (art. 6.1.b RGPD), el cumplimiento de obligaciones legales (art. 6.1.c RGPD), el inter\u00e9s leg\u00edtimo de la Entidad (art. 6.1.f RGPD) o el consentimiento del interesado (art. 6.1.a RGPD), en los supuestos en que resulte necesario. Los datos personales ser\u00e1n conservados durante la vigencia de la relaci\u00f3n laboral y, una vez finalizada, durante los plazos legalmente exigibles para atender posibles responsabilidades.<\/span><\/p>\n<ul>\n<li style=\"font-weight: 400;\" aria-level=\"1\"><span style=\"font-weight: 400;\">Enviar comunicaciones comerciales, newsletters o mailings, cuando dichas comunicaciones no se encuentren amparadas en una relaci\u00f3n contractual previa en los t\u00e9rminos indicados anteriormente. La base legitimadora de este tratamiento es el consentimiento del interesado, otorgado de forma libre, espec\u00edfica, informada e inequ\u00edvoca. Los datos personales ser\u00e1n conservados mientras no se revoque el consentimiento prestado o no se solicite la baja en la recepci\u00f3n de dichas comunicaciones.<\/span><\/li>\n<\/ul>\n<ul>\n<li style=\"font-weight: 400;\" aria-level=\"1\"><span style=\"font-weight: 400;\">Gestionar la recepci\u00f3n y valoraci\u00f3n de candidaturas, curr\u00edculums y procesos de selecci\u00f3n, incluyendo las autocandidaturas remitidas a trav\u00e9s de la p\u00e1gina web o del correo electr\u00f3nico de contacto, as\u00ed como su consideraci\u00f3n para vacantes presentes o futuras que se ajusten al perfil del candidato. La base legitimadora de este tratamiento es el consentimiento del interesado, manifestado mediante el env\u00edo de su candidatura. Los datos personales ser\u00e1n conservados hasta la retirada del consentimiento y, en todo caso, durante un plazo m\u00e1ximo de un a\u00f1o desde la recepci\u00f3n del curr\u00edculum vitae.<\/span><\/li>\n<\/ul>\n<ul>\n<li style=\"font-weight: 400;\" aria-level=\"1\"><span style=\"font-weight: 400;\">Garantizar la seguridad de las personas, bienes e instalaciones mediante sistemas de videovigilancia. La base legitimadora de este tratamiento de datos personales es el inter\u00e9s leg\u00edtimo de la Entidad en preservar la seguridad de sus instalaciones, personas y bienes. Las im\u00e1genes ser\u00e1n conservadas, con car\u00e1cter general, durante un plazo m\u00e1ximo de 30 d\u00edas desde su captaci\u00f3n, salvo cuando deban conservarse por m\u00e1s tiempo para acreditar la comisi\u00f3n de actos que atenten contra la integridad de personas, bienes o instalaciones, o para cumplir una obligaci\u00f3n legal.<\/span><\/li>\n<\/ul>\n<ul>\n<li style=\"font-weight: 400;\" aria-level=\"1\"><span style=\"font-weight: 400;\">Gestionar la relaci\u00f3n profesional con proveedores, colaboradores y terceros, incluyendo el mantenimiento de la relaci\u00f3n comercial, administrativa, contable y de facturaci\u00f3n derivada de los servicios contratados por la Entidad. La base legitimadora de este tratamiento es la ejecuci\u00f3n del contrato y el cumplimiento de las obligaciones legales aplicables a la Entidad. Los datos personales ser\u00e1n conservados durante el tiempo necesario para la gesti\u00f3n de la relaci\u00f3n contractual y, posteriormente, durante los plazos legalmente exigibles.<\/span><\/li>\n<\/ul>\n<ul>\n<li style=\"font-weight: 400;\" aria-level=\"1\"><span style=\"font-weight: 400;\">Gestionar y controlar los mecanismos, pol\u00edticas y procedimientos internos de cumplimiento normativo, incluyendo actuaciones de control interno, prevenci\u00f3n, detecci\u00f3n e investigaci\u00f3n de incumplimientos normativos o de pol\u00edticas internas. La base legitimadora de este tratamiento es el cumplimiento de obligaciones legales y, cuando proceda, el inter\u00e9s p\u00fablico o el inter\u00e9s leg\u00edtimo de la Entidad en garantizar el cumplimiento normativo y la integridad de su organizaci\u00f3n. Los datos personales ser\u00e1n conservados durante el tiempo imprescindible para la tramitaci\u00f3n, investigaci\u00f3n y cierre de las actuaciones y, posteriormente, durante los plazos legalmente exigibles.<\/span><\/li>\n<\/ul>\n<ul>\n<li style=\"font-weight: 400;\" aria-level=\"1\"><span style=\"font-weight: 400;\">Gestionar las solicitudes de ejercicio de derechos en materia de protecci\u00f3n de datos recibidas a trav\u00e9s del canal habilitado por la Entidad a tal efecto. La base legitimadora de este tratamiento es el cumplimiento de una obligaci\u00f3n legal aplicable al responsable del tratamiento. Los datos personales ser\u00e1n conservados durante el tiempo necesario para tramitar y resolver la solicitud y, posteriormente, durante los plazos legalmente exigibles para acreditar su correcta atenci\u00f3n.<\/span><\/li>\n<\/ul>\n<ul>\n<li style=\"font-weight: 400;\" aria-level=\"1\"><span style=\"font-weight: 400;\">Gestionar y atender informaciones o comunicaciones en materia de prevenci\u00f3n y actuaci\u00f3n frente al acoso, la violencia o conductas especialmente graves, en particular aquellas que afecten a colectivos de especial protecci\u00f3n, incluyendo, en su caso, personas trans, personas LGTBI y menores de edad, as\u00ed como tramitar las actuaciones internas que, en su caso, resulten procedentes. La base legitimadora de este tratamiento es el cumplimiento de obligaciones legales, el inter\u00e9s p\u00fablico esencial y, cuando corresponda, la formulaci\u00f3n, ejercicio o defensa de reclamaciones, en funci\u00f3n de la naturaleza concreta de la comunicaci\u00f3n y de los datos tratados. Los datos personales ser\u00e1n conservados durante el tiempo imprescindible para la tramitaci\u00f3n de la comunicaci\u00f3n, la investigaci\u00f3n y la adopci\u00f3n de las medidas oportunas y, posteriormente, durante los plazos legalmente exigibles. En caso de que dichas comunicaciones se canalicen a trav\u00e9s del Sistema Interno de Informaci\u00f3n, resultar\u00e1n de aplicaci\u00f3n los plazos previstos en la Ley 2\/2023, de 20 de febrero.<\/span><\/li>\n<\/ul>\n<ul>\n<li style=\"font-weight: 400;\" aria-level=\"1\"><span style=\"font-weight: 400;\">Cumplir con las obligaciones legales aplicables a la Entidad, en materia mercantil, fiscal, contable, administrativa, de prevenci\u00f3n del blanqueo de capitales, laboral, de protecci\u00f3n de datos o de cualquier otra \u00edndole que resulte exigible. La base legitimadora de este tratamiento es el cumplimiento de una obligaci\u00f3n legal. Los datos personales ser\u00e1n conservados durante los plazos previstos en la normativa aplicable en cada caso.<\/span><\/li>\n<\/ul>\n<ul>\n<li style=\"font-weight: 400;\" aria-level=\"1\"><span style=\"font-weight: 400;\">Asimismo, la Entidad podr\u00e1 tratar los datos personales para cualesquiera otros fines que resulten necesarios para el cumplimiento de obligaciones legales o requerimientos normativos espec\u00edficos aplicables a su actividad.<br><br><\/span><\/li>\n<\/ul>\n<p><span style=\"font-weight: 400;\">Los datos personales tratados proceden, con car\u00e1cter general, del propio interesado. No obstante, en determinados casos, los datos pueden proceder de terceros con los que el interesado mantenga una relaci\u00f3n, tales como empresas clientes, entidades colaboradoras o proveedores, as\u00ed como de fuentes de acceso p\u00fablico, cuando resulte legalmente procedente. En dichos supuestos, se informar\u00e1 al interesado en los t\u00e9rminos establecidos en el art\u00edculo 14 del RGPD.<\/span><\/p>\n<p><\/p>\n<p style=\"font-family: 'Titillium Web bold', sans-serif; font-weight: 600; font-size: 20px; line-height: 1.7; text-align: left; color: #000000;\">Destinatarios de sus datos personales y transferencias internacionales<\/p>\n<p><span style=\"font-weight: 400;\">La Entidad podr\u00e1 comunicar los datos personales del interesado a los siguientes destinatarios, cuando resulte necesario en funci\u00f3n de la finalidad del tratamiento y sobre la base jur\u00eddica que corresponda en cada caso:<\/span><\/p>\n<ul>\n<li style=\"font-weight: 400;\" aria-level=\"1\"><span style=\"font-weight: 400;\">Administraciones P\u00fablicas competentes, tales como la Seguridad Social, la Agencia Estatal de Administraci\u00f3n Tributaria, los organismos gestores de subvenciones o el Ministerio Fiscal, cuando la comunicaci\u00f3n de los datos personales resulte necesaria para el cumplimiento de obligaciones legales aplicables a la Entidad.<\/span><\/li>\n<\/ul>\n<ul>\n<li style=\"font-weight: 400;\" aria-level=\"1\"><span style=\"font-weight: 400;\">Mutuas colaboradoras con la Seguridad Social, servicios de prevenci\u00f3n de riesgos laborales u otras entidades an\u00e1logas, cuando resulte necesario para el cumplimiento de obligaciones en materia laboral, de seguridad y salud o para la protecci\u00f3n de las personas trabajadoras.<\/span><\/li>\n<\/ul>\n<ul>\n<li style=\"font-weight: 400;\" aria-level=\"1\"><span style=\"font-weight: 400;\">Representantes legales de las personas trabajadoras, incluidos comit\u00e9s de empresa, sindicatos y delegados de prevenci\u00f3n, en los supuestos en que la normativa laboral resulte de aplicaci\u00f3n.<\/span><\/li>\n<\/ul>\n<ul>\n<li style=\"font-weight: 400;\" aria-level=\"1\"><span style=\"font-weight: 400;\">Clientes o entidades vinculadas a la prestaci\u00f3n de servicios, exclusivamente cuando sea imprescindible identificar a las personas trabajadoras para la correcta ejecuci\u00f3n del servicio contratado, limit\u00e1ndose en todo caso la comunicaci\u00f3n a los datos adecuados, pertinentes y no excesivos, conforme al principio de minimizaci\u00f3n de datos.<\/span><\/li>\n<\/ul>\n<ul>\n<li style=\"font-weight: 400;\" aria-level=\"1\"><span style=\"font-weight: 400;\">Proveedores de servicios que act\u00faan como encargados del tratamiento, con los que la Entidad haya suscrito el correspondiente contrato de encargado de tratamiento conforme a lo dispuesto en el art\u00edculo 28 del RGPD.&nbsp;<\/span><\/li>\n<\/ul>\n<ul>\n<li style=\"font-weight: 400;\" aria-level=\"1\"><span style=\"font-weight: 400;\">Los datos personales podr\u00e1n ser comunicados, cuando resulte necesario, a las autoridades competentes, al Ministerio Fiscal, a \u00f3rganos judiciales o a terceros encargados del tratamiento que presten servicios vinculados a la gesti\u00f3n del Sistema Interno de Informaci\u00f3n, bajo las debidas garant\u00edas contractuales y de confidencialidad.<\/span><\/li>\n<\/ul>\n<ul>\n<li style=\"font-weight: 400;\" aria-level=\"1\"><span style=\"font-weight: 400;\">Autoridades judiciales, Ministerio Fiscal y Fuerzas y Cuerpos de Seguridad, cuando la comunicaci\u00f3n sea necesaria para el cumplimiento de una obligaci\u00f3n legal, para la formulaci\u00f3n, el ejercicio o la defensa de reclamaciones, o en cumplimiento de requerimientos u \u00f3rdenes de dichas autoridades.<br><br><\/span><\/li>\n<\/ul>\n<p><span style=\"font-weight: 400;\">Con car\u00e1cter general, no se prev\u00e9 la realizaci\u00f3n de transferencias internacionales de datos personales. No obstante, en caso de utilizaci\u00f3n de proveedores de servicios tecnol\u00f3gicos que puedan implicar el tratamiento de datos fuera del Espacio Econ\u00f3mico Europeo, dichas transferencias se realizar\u00e1n con pleno cumplimiento de lo dispuesto en los art\u00edculos 44 y siguientes del RGPD, mediante la adopci\u00f3n de garant\u00edas adecuadas, tales como la suscripci\u00f3n de cl\u00e1usulas contractuales tipo aprobadas por la Comisi\u00f3n Europea u otros mecanismos v\u00e1lidos conforme a la normativa vigente.<\/span><\/p>\n<p><\/p>\n<p style=\"font-family: 'Titillium Web bold', sans-serif; font-weight: 600; font-size: 20px; line-height: 1.7; text-align: left; color: #000000;\">Derechos de Protecci\u00f3n de Datos Personales<\/p>\n<p><span style=\"font-weight: 400;\">Para garantizar la transparencia en el tratamiento de sus datos personales, le informamos de los derechos que la normativa de Protecci\u00f3n de Datos le otorga. A continuaci\u00f3n, detallamos cada uno de estos derechos y c\u00f3mo puede ejercerlos en relaci\u00f3n con los datos personales que mantenemos.<\/span><\/p>\n<ul>\n<li style=\"font-weight: 400;\" aria-level=\"1\"><b>Derecho de acceso: <\/b><span style=\"font-weight: 400;\">Usted tiene derecho a saber si la entidad est\u00e1 tratando sus datos personales.<\/span><\/li>\n<li style=\"font-weight: 400;\" aria-level=\"1\"><b>Derecho de rectificaci\u00f3n: <\/b><span style=\"font-weight: 400;\">Usted tiene derecho a solicitar la correcci\u00f3n de datos inexactos.<\/span><\/li>\n<li style=\"font-weight: 400;\" aria-level=\"1\"><b>Derecho de supresi\u00f3n: <\/b><span style=\"font-weight: 400;\">Usted tiene derecho a solicitar la eliminaci\u00f3n de sus datos personales cuando ya no sean necesarios para el fin recogido.<\/span><\/li>\n<li style=\"font-weight: 400;\" aria-level=\"1\"><b>Derecho a la limitaci\u00f3n del tratamiento: <\/b><span style=\"font-weight: 400;\">Usted tiene derecho a solicitar que se limite el uso de sus datos, manteni\u00e9ndose solo para defensa de reclamaciones.<\/span><\/li>\n<li style=\"font-weight: 400;\" aria-level=\"1\"><b>Derecho de oposici\u00f3n: <\/b><span style=\"font-weight: 400;\">Usted tiene derecho a oponerse al tratamiento de sus datos personales, salvo cuando existan razones leg\u00edtimas o se necesiten para defensa de reclamaciones.<\/span><\/li>\n<li style=\"font-weight: 400;\" aria-level=\"1\"><b>Derecho a la portabilidad: <\/b><span style=\"font-weight: 400;\">Usted tiene derecho a recibir los datos en un formato estructurado y legible para transferirlos a otro responsable, siempre que sea posible.<\/span><\/li>\n<li style=\"font-weight: 400;\" aria-level=\"1\"><b>Derecho a revocar el consentimiento: <\/b><span style=\"font-weight: 400;\">Usted tiene derecho a retirar el consentimiento dado en cualquier momento, excepto cuando el tratamiento est\u00e9 amparado por ley o sea necesario para un servicio contratado, sin efectos retroactivos.<\/span><\/li>\n<li style=\"font-weight: 400;\" aria-level=\"1\"><b>Derecho a no ser objeto de decisiones automatizadas: <\/b><span style=\"font-weight: 400;\">Usted tiene derecho a no ser sometido a decisiones automatizadas basadas en datos personales que le afecten significativamente, como la elaboraci\u00f3n de perfiles.<br><br><\/span><\/li>\n<\/ul>\n<p><span style=\"font-weight: 400;\">Podr\u00e1 comunicar y tramitar el ejercicio de sus Derechos y comunicar cualquier indicio o conocimiento que tuviera de posibles violaciones de seguridad, ciberataques y\/o de posibles incumplimientos o irregularidades sobre la normativa de Protecci\u00f3n de Datos a trav\u00e9s del Canal habilitado por la Entidad a tal efecto:<\/span><a href=\"https:\/\/corporate-line.com\/cnormativo-brokers88\"> <span style=\"font-weight: 400;\">https:\/\/corporate-line.com\/cnormativo-brokers88<\/span><\/a><span style=\"font-weight: 400;\"> o poni\u00e9ndose en contacto con el DPD de la Entidad a trav\u00e9s del siguiente correo: <a href=\"mailto:david.castillo@brokers88.es\">david.castillo@brokers88.es&nbsp;<\/a><\/span><\/p>\n<p><span style=\"font-weight: 400;\">En caso de divergencias con la Entidad en relaci\u00f3n con el tratamiento de sus datos, tiene derecho a presentar una reclamaci\u00f3n ante la Autoridad de Control de Protecci\u00f3n de Datos correspondiente. En Espa\u00f1a, dicha Autoridad es la Agencia Espa\u00f1ola de Protecci\u00f3n de Datos (<\/span><a href=\"http:\/\/www.aepd.es\/\"><span style=\"font-weight: 400;\">www.aepd.es<\/span><\/a><span style=\"font-weight: 400;\">).<\/span><i><span style=\"font-weight: 400;\">&nbsp;<\/span><\/i><\/p>\n<p><span style=\"font-weight: 400;\">La Entidad podr\u00e1 solicitar informaci\u00f3n adicional para confirmar la identidad del solicitante cuando existan dudas razonables sobre la misma y responder\u00e1 a la solicitud en el plazo m\u00e1ximo de un mes desde su recepci\u00f3n, pudiendo prorrogarse dicho plazo en casos de especial complejidad.<\/span><\/p>\n<p><\/p>\n<p style=\"font-family: 'Titillium Web bold', sans-serif; font-weight: 600; font-size: 20px; line-height: 1.7; text-align: left; color: #000000;\">Sistema Interno de Informaci\u00f3n<\/p>\n<p><span style=\"font-weight: 400;\">La Entidad ha implementado un Sistema Interno de Informaci\u00f3n (SIIF), el cual se configura como un eje fundamental para la supervisi\u00f3n, control y prevenci\u00f3n en el \u00e1mbito del cumplimiento normativo, contemplando el m\u00e1s alto compromiso, rigor y profesionalidad en materia de seguridad, confidencialidad, protecci\u00f3n de datos, experiencia, independencia y conocimiento en el tratamiento de las comunicaciones recibidas.&nbsp;<\/span><\/p>\n<p><span style=\"font-weight: 400;\">Los canales internos de informaci\u00f3n integrados en el Sistema se han instrumentado a trav\u00e9s de herramientas t\u00e9cnicas, que contemplan todos los requisitos necesarios para aportarles y garantizarles nuestros compromisos anteriores. Asimismo, el SIIF garantiza los principios b\u00e1sicos de anonimato, adecuado registro, conservaci\u00f3n y no alteraci\u00f3n, prevenci\u00f3n de conflictos de inter\u00e9s, protecci\u00f3n del informante y prevenci\u00f3n de represalias.<\/span><\/p>\n<p><span style=\"font-weight: 400;\">A trav\u00e9s de dicho Sistema, todo informante deber\u00e1 comunicar de buena fe cualquier indicio, sospecha o evidencia de posibles incumplimientos normativos, delitos, comportamientos no \u00e9ticos y, en general, el incumplimiento de los protocolos, normas y c\u00f3digos de conducta de la Entidad.<\/span><\/p>\n<p><span style=\"font-weight: 400;\">El acceso al SIIF se ha habilitado en una secci\u00f3n separada de nuestra p\u00e1gina web.<\/span><\/p>\n<p><\/p>\n<p style=\"font-family: 'Titillium Web bold', sans-serif; font-weight: 600; font-size: 20px; line-height: 1.7; text-align: left; color: #000000;\">Tratamiento de datos personales en el Sistema Interno de Informaci\u00f3n<\/p>\n<p><span style=\"font-weight: 400;\">En el marco del Sistema Interno de Informaci\u00f3n (SIIF), la Entidad tratar\u00e1 datos personales con la finalidad de gestionar y tramitar las comunicaciones recibidas, as\u00ed como analizar, verificar e investigar los hechos comunicados, adoptando en su caso las medidas correctoras, disciplinarias o legales que correspondan.<\/span><\/p>\n<p><span style=\"font-weight: 400;\">Este tratamiento se realiza en cumplimiento de las obligaciones legales establecidas en la Ley 2\/2023, de 20 de febrero, reguladora de la protecci\u00f3n de las personas que informen sobre infracciones normativas y de lucha contra la corrupci\u00f3n, as\u00ed como, cuando proceda, sobre la base del inter\u00e9s leg\u00edtimo de la Entidad en prevenir y detectar conductas il\u00edcitas o contrarias a la normativa interna.<\/span><\/p>\n<p><span style=\"font-weight: 400;\">En el marco de estas actuaciones, podr\u00e1n tratarse las siguientes categor\u00edas de datos personales:<\/span><\/p>\n<ul>\n<li style=\"font-weight: 400;\" aria-level=\"1\"><span style=\"font-weight: 400;\">Datos identificativos y de contacto de las personas informantes, personas afectadas y terceros implicados.<\/span><\/li>\n<li style=\"font-weight: 400;\" aria-level=\"1\"><span style=\"font-weight: 400;\">Datos profesionales y laborales vinculados a la relaci\u00f3n con la Entidad.<\/span><\/li>\n<li style=\"font-weight: 400;\" aria-level=\"1\"><span style=\"font-weight: 400;\">Informaci\u00f3n relativa a los hechos comunicados, incluyendo descripciones, valoraciones o documentaci\u00f3n asociada.<\/span><\/li>\n<li style=\"font-weight: 400;\" aria-level=\"1\"><span style=\"font-weight: 400;\">En su caso, categor\u00edas especiales de datos conforme al art\u00edculo 9 del RGPD, cuando su tratamiento resulte estrictamente necesario para la investigaci\u00f3n y exista base jur\u00eddica suficiente conforme a la normativa aplicable.<\/span><\/li>\n<\/ul>\n<p><span style=\"font-weight: 400;\">Los datos personales podr\u00e1n proceder de la persona informante (de forma identificada o an\u00f3nima), de las personas afectadas o de terceros que participen en la investigaci\u00f3n.<\/span><\/p>\n<p><\/p>\n<p style=\"font-family: 'Titillium Web bold', sans-serif; font-weight: 600; font-size: 20px; line-height: 1.7; text-align: left; color: #000000;\">Confidencialidad y protecci\u00f3n del informante<\/p>\n<p><span style=\"font-weight: 400;\">La Entidad garantiza la confidencialidad de la identidad del informante, as\u00ed como de cualquier tercero mencionado en la comunicaci\u00f3n y de las personas afectadas. El acceso a los datos quedar\u00e1 restringido exclusivamente al personal autorizado que intervenga en la gesti\u00f3n e investigaci\u00f3n de las comunicaciones.<\/span><\/p>\n<p><span style=\"font-weight: 400;\">Asimismo, se proh\u00edbe expresamente cualquier forma de represalia, discriminaci\u00f3n o trato desfavorable contra la persona informante o contra quienes colaboren en la investigaci\u00f3n, en los t\u00e9rminos previstos en la Ley 2\/2023.<\/span><\/p>\n<p><span style=\"font-weight: 400;\">El ejercicio de los derechos en materia de protecci\u00f3n de datos podr\u00e1 verse limitado cuando resulte necesario para preservar la confidencialidad de la identidad del informante, evitar la obstrucci\u00f3n de la investigaci\u00f3n o garantizar el correcto desarrollo de las actuaciones, en los t\u00e9rminos previstos en la normativa aplicable.<\/span><\/p>\n<p><\/p>\n<p style=\"font-family: 'Titillium Web bold', sans-serif; font-weight: 600; font-size: 20px; line-height: 1.7; text-align: left; color: #000000;\">Medidas de seguridad y control<\/p>\n<p><b>General<\/b><\/p>\n<p><span style=\"font-weight: 400;\">La Entidad tratar\u00e1 los datos personales aplicando las medidas t\u00e9cnicas, jur\u00eddicas, organizativas y de seguridad adecuadas, a efectos de garantizar la confidencialidad e integridad de la informaci\u00f3n que gestiona de acuerdo con lo establecido en la normativa vigente.<\/span><\/p>\n<p><b>Ciberseguridad<\/b><\/p>\n<p><span style=\"font-weight: 400;\">Como concepto espec\u00edfico y complementario a lo anterior, la Entidad aplica medidas de ciberseguridad para prevenir y gestionar los posibles ataques y fraudes por parte de ciberdelincuentes que atentan contra la privacidad y protecci\u00f3n de los datos que nuestra Entidad trata y accede en el \u00e1mbito de sus actividades y operaciones.<\/span><\/p>\n<p><span style=\"font-weight: 400;\">En este sentido, queremos alertar que ante posibles situaciones de riesgo por comunicaciones cuyo contenido y\/o formato generen dudas de autenticidad, recomendamos omitir las mismas y contactar con la Entidad a trav\u00e9s de los datos de contacto indicados en la presente Pol\u00edtica de Privacidad.<\/span><\/p>\n<p><span style=\"font-weight: 400;\">Asimismo, cualquier solicitud que reciba con origen de nuestra Entidad sobre cambios de formas de pago, solicitud de datos o personas de contacto o de informaci\u00f3n confidencial (no p\u00fablica), datos bancarios y\/o de tarjetas de cr\u00e9dito y\/o otros datos oficiales, no debe ser atendida sin la confirmaci\u00f3n directa de nuestra Entidad por otro medio alternativo.&nbsp;<\/span><\/p>\n<p><span style=\"font-weight: 400;\">Agradecemos y necesitamos de su colaboraci\u00f3n con la comunicaci\u00f3n y denuncia de cualquier notificaci\u00f3n con relaci\u00f3n a este tipo de solicitudes y otras posibles situaciones de riesgo de ciberataques en las que pueda ser utilizada nuestra Entidad, as\u00ed como por cualquier posible riesgo de seguridad que pudieran tener conocimiento.<\/span><\/p>\n<p><\/p>\n<p style=\"font-family: 'Titillium Web bold', sans-serif; font-weight: 600; font-size: 20px; line-height: 1.7; text-align: left; color: #000000;\">Atenci\u00f3n y soporte<\/p>\n<p><span style=\"font-weight: 400;\">Las personas interesadas podr\u00e1n comunicar a la Entidad cualquier duda sobre el tratamiento de sus datos de car\u00e1cter personal o interpretaci\u00f3n de nuestra Pol\u00edtica, contactando con el Delegado de Protecci\u00f3n de Datos a trav\u00e9s de las direcciones de correo electr\u00f3nico indicados al principio de la presente Pol\u00edtica.&nbsp;&nbsp;<\/span><\/p>\n<p><\/p>\n<p style=\"font-family: 'Titillium Web bold', sans-serif; font-weight: 600; font-size: 20px; line-height: 1.7; text-align: left; color: #000000;\">Actualizaciones y modificaciones<\/p>\n<p><span style=\"font-weight: 400;\">La Entidad se reserva el derecho de modificar y\/o actualizar la informaci\u00f3n sobre protecci\u00f3n de datos, cuando sea necesario para el correcto cumplimiento de la normativa en esta materia. Si se produjera alguna modificaci\u00f3n, el nuevo texto ser\u00e1 publicado en este mismo apartado del sitio web.<br><br>\n<p style=\"font-family:'Titillium Web', sans-serif; font-size:14px; color:#676970; margin-top:-10px;\">\nFecha de \u00faltima actualizaci\u00f3n: 27 de mayo de 2026\n<\/p>\t\t\t\t\t\t\t\t<\/div>\n\t\t\t\t<\/div>\n\t\t\t\t\t<\/div>\n\t\t<\/div>\n\t\t\t\t\t<\/div>\n\t\t<\/section>\n\t\t\t\t\t<\/div>\n\t\t<\/div>\n\t\t\t\t\t<\/div>\n\t\t<\/section>\n\t\t\t\t<\/div>\n\t\t","protected":false},"excerpt":{"rendered":"<p>Pol\u00edtica de Protecci\u00f3n de Datos y Privacidad En cumplimiento de lo dispuesto en el art\u00edculo 13 del Reglamento (UE) 2016\/679 del Parlamento Europeo y del Consejo, de 27 de abril de 2016, relativo a la protecci\u00f3n de las personas f\u00edsicas en lo que respecta al tratamiento de datos personales y a la libre circulaci\u00f3n de [&hellip;]<\/p>\n","protected":false},"author":1,"featured_media":0,"parent":0,"menu_order":0,"comment_status":"closed","ping_status":"closed","template":"","meta":{"footnotes":""},"class_list":["post-3074","page","type-page","status-publish","hentry"],"_links":{"self":[{"href":"https:\/\/brokers88.es\/es\/wp-json\/wp\/v2\/pages\/3074","targetHints":{"allow":["GET"]}}],"collection":[{"href":"https:\/\/brokers88.es\/es\/wp-json\/wp\/v2\/pages"}],"about":[{"href":"https:\/\/brokers88.es\/es\/wp-json\/wp\/v2\/types\/page"}],"author":[{"embeddable":true,"href":"https:\/\/brokers88.es\/es\/wp-json\/wp\/v2\/users\/1"}],"replies":[{"embeddable":true,"href":"https:\/\/brokers88.es\/es\/wp-json\/wp\/v2\/comments?post=3074"}],"version-history":[{"count":160,"href":"https:\/\/brokers88.es\/es\/wp-json\/wp\/v2\/pages\/3074\/revisions"}],"predecessor-version":[{"id":9790,"href":"https:\/\/brokers88.es\/es\/wp-json\/wp\/v2\/pages\/3074\/revisions\/9790"}],"wp:attachment":[{"href":"https:\/\/brokers88.es\/es\/wp-json\/wp\/v2\/media?parent=3074"}],"curies":[{"name":"wp","href":"https:\/\/api.w.org\/{rel}","templated":true}]}}